{"id":82,"date":"2019-10-31T09:19:54","date_gmt":"2019-10-31T09:19:54","guid":{"rendered":"https:\/\/de.van-uffelen.de\/?page_id=82"},"modified":"2020-04-22T14:40:43","modified_gmt":"2020-04-22T14:40:43","slug":"impressum","status":"publish","type":"page","link":"https:\/\/de.van-uffelen.de\/en\/impressum","title":{"rendered":"Imprint"},"content":{"rendered":"\n<p>Redaktionsb\u00fcro van Uffelen \/ Editorial office<br>Chris van Uffelen<\/p>\n\n\n\n<p>Bernsteinstra\u00dfe 124<br>\n70619 Stuttgart<br>\nDeutschland<\/p>\n\n\n\n<p>Tel. +49 711\u00a024 888 34<br>editor@van-uffelen.de<\/p>\n\n\n\n<p><strong>Haftungsausschluss \u2013\u00a0Inhalte<br><\/strong><\/p>\n\n\n\n<p>Die Inhalte dieser Internetseite wurden sorgf\u00e4ltig gepr\u00fcft und nach bestem Wissen erstellt. F\u00fcr die hier dargebotenen Informationen wird jedoch kein Anspruch auf Vollst\u00e4ndigkeit, Aktualit\u00e4t, Qualit\u00e4t und Richtigkeit erhoben.<\/p>\n\n\n\n<p>Externe Internetseiten werden in einem neuen Browserfenster ge\u00f6ffnet. Trotz sorgf\u00e4ltiger inhaltlicher Kontrolle \u00fcbernehmen wir keine Haftung f\u00fcr die Inhalte externer Links. F\u00fcr den Inhalt der verlinkten Seiten sind ausschlie\u00dflich deren Betreiber verantwortlich.<\/p>\n\n\n\n<p><strong><br>\nUrheberrecht<\/strong><\/p>\n\n\n\n<p>Alle Texte, Bilder, Grafiken, Videodateien sowie ihre Arrangements unterliegen dem Urheberrecht und anderen Gesetzen zum Schutz geistigen Eigentums. Sie d\u00fcrfen weder f\u00fcr Handelszwecke oder zur Weitergabe kopiert, noch ver\u00e4ndert und auf anderen Websites verwendet werden. Einige Internetseiten enthalten auch Material, das dem Urheberrecht derjenigen unterliegt, die diese zur Verf\u00fcgung gestellt haben.<\/p>\n\n\n\n<p>Eine Vervielf\u00e4ltigung oder Verwendung in anderen elektronischen oder gedruckten Publikationen ist ohne ausdr\u00fcckliche Zustimmung&nbsp;nicht gestattet.<\/p>\n\n\n\n<p><strong><br>\nRechtswirksamkeit<\/strong><\/p>\n\n\n\n<p>Dieser Haftungsausschluss ist als Teil des Internetangebotes zu betrachten, von dem aus auf diese Seite verwiesen wurde. Sofern Teile oder einzelne Formulierungen dieses Textes der geltenden Rechtslage nicht, nicht mehr oder nicht vollst\u00e4ndig entsprechen sollten, bleiben die \u00fcbrigen Teile des Dokumentes in ihrem Inhalt und ihrer G\u00fcltigkeit davon unber\u00fchrt.<\/p>\n\n\n\n<p><strong><br> Datenschutz \u2013 wir respektieren die Privatsph\u00e4re und sind bem\u00fcht, alle personenbezogenen Daten zu sch\u00fctzen.<\/strong><\/p>\n\n\n\n<p>Details entsprechend der EU Datenschutz-Grundverordnung (\u201eDSGVO\u201c) finden Sie hier: <a href=\"https:\/\/de.van-uffelen.de\/privacy-policy\">Datenschutz<\/a><\/p>\n","protected":false},"excerpt":{"rendered":"<p>Disclaimer \u2013&nbsp;content The content of this web page has been carefully reviewed and compiled to the best of our knowledge. However, we cannot assume liability for the up-to-dateness, completeness, or accuracy of any of the pages. External internet sites will open in a new browser window. We carefully check the<\/p>\n","protected":false},"author":5,"featured_media":0,"parent":0,"menu_order":0,"comment_status":"closed","ping_status":"closed","template":"","meta":{"ngg_post_thumbnail":0,"footnotes":""},"class_list":["post-82","page","type-page","status-publish","hentry"],"_links":{"self":[{"href":"https:\/\/de.van-uffelen.de\/en\/wp-json\/wp\/v2\/pages\/82","targetHints":{"allow":["GET"]}}],"collection":[{"href":"https:\/\/de.van-uffelen.de\/en\/wp-json\/wp\/v2\/pages"}],"about":[{"href":"https:\/\/de.van-uffelen.de\/en\/wp-json\/wp\/v2\/types\/page"}],"author":[{"embeddable":true,"href":"https:\/\/de.van-uffelen.de\/en\/wp-json\/wp\/v2\/users\/5"}],"replies":[{"embeddable":true,"href":"https:\/\/de.van-uffelen.de\/en\/wp-json\/wp\/v2\/comments?post=82"}],"version-history":[{"count":7,"href":"https:\/\/de.van-uffelen.de\/en\/wp-json\/wp\/v2\/pages\/82\/revisions"}],"predecessor-version":[{"id":737,"href":"https:\/\/de.van-uffelen.de\/en\/wp-json\/wp\/v2\/pages\/82\/revisions\/737"}],"wp:attachment":[{"href":"https:\/\/de.van-uffelen.de\/en\/wp-json\/wp\/v2\/media?parent=82"}],"curies":[{"name":"wp","href":"https:\/\/api.w.org\/{rel}","templated":true}]}}